{"id":15599,"date":"2021-07-05T01:06:08","date_gmt":"2021-07-05T01:06:08","guid":{"rendered":"http:\/\/afalesc.com.br\/site\/?page_id=15599"},"modified":"2024-06-20T13:22:05","modified_gmt":"2024-06-20T13:22:05","slug":"historico","status":"publish","type":"page","link":"https:\/\/afalesc.com.br\/site\/historico\/","title":{"rendered":"HIST\u00d3RICO"},"content":{"rendered":"<p>[vc_row css_animation=&#8221;&#8221; row_type=&#8221;row&#8221; use_row_as_full_screen_section=&#8221;no&#8221; type=&#8221;full_width&#8221; angled_section=&#8221;no&#8221; text_align=&#8221;left&#8221; background_image_as_pattern=&#8221;without_pattern&#8221;][vc_column][vc_column_text]<\/p>\n<h3 style=\"text-align: center;\">GR\u00caMIO Recreativo e AFALESC<\/h3>\n<p>&nbsp;<\/p>\n<h4 style=\"text-align: center;\">HIST\u00d3RICO DE ELEI\u00c7\u00d5ES E EX-PRESIDENTES<\/h4>\n<p>[\/vc_column_text][\/vc_column][\/vc_row][vc_row css_animation=&#8221;&#8221; row_type=&#8221;row&#8221; use_row_as_full_screen_section=&#8221;no&#8221; type=&#8221;full_width&#8221; angled_section=&#8221;no&#8221; text_align=&#8221;center&#8221; background_image_as_pattern=&#8221;without_pattern&#8221; z_index=&#8221;&#8221;][vc_column][vc_single_image image=&#8221;15775&#8243; img_size=&#8221;full&#8221; alignment=&#8221;center&#8221; qode_css_animation=&#8221;&#8221;][\/vc_column][\/vc_row][vc_row css_animation=&#8221;&#8221; row_type=&#8221;row&#8221; use_row_as_full_screen_section=&#8221;no&#8221; type=&#8221;full_width&#8221; angled_section=&#8221;no&#8221; text_align=&#8221;left&#8221; background_image_as_pattern=&#8221;without_pattern&#8221; css=&#8221;.vc_custom_1626184930765{padding-bottom: 80px !important;}&#8221; z_index=&#8221;&#8221;][vc_column width=&#8221;1\/3&#8243;][vc_column_text]<\/p>\n<h2 style=\"text-align: center;\">1959<\/h2>\n<p>[\/vc_column_text][vc_column_text]Cooperativa Criada em 1959, com objetivo de oferecer medicamentos a pre\u00e7os m\u00f3dicos aos servidores da Assembleia. Com o seu crescimento os objetivos foram estendidos ao fornecimento de g\u00eaneros de primeira necessidade, perfumaria, entre outros. Foi extinta em 1972.[\/vc_column_text][\/vc_column][vc_column width=&#8221;1\/3&#8243;][vc_column_text]<\/p>\n<h2 style=\"text-align: center;\">1975<\/h2>\n<p>[\/vc_column_text][vc_column_text]Gr\u00eamio Recreativo da Assembleia Legislativa. Os movimentos para a cria\u00e7\u00e3o do Gr\u00eamio foram paralelos a extin\u00e7\u00e3o da Cooperativa da Assembleia, culminando sua cria\u00e7\u00e3o em maio de 1975. Com fins recreativos e sociais. Seu hist\u00f3rico \u00e9 relembrado pela pr\u00e1tica de esportes, por campeonatos de futebol, domin\u00f3, festas de confraterniza\u00e7\u00e3o, entre outros. O seu crescimento e as necessidades que foram surgindo em uma comunidade de servidores com o montante de associados, que tinha a \u00e9poca \u00e0 agremia\u00e7\u00e3o, deram origem \u00e0 transforma\u00e7\u00e3o do Gr\u00eamio em Associa\u00e7\u00e3o dos Servidores da Assembleia Legislativa.[\/vc_column_text][\/vc_column][vc_column width=&#8221;1\/3&#8243;][vc_column_text]<\/p>\n<h2 style=\"text-align: center;\">1983<\/h2>\n<p>[\/vc_column_text][vc_column_text]AFALESC &#8211; Associa\u00e7\u00e3o dos Funcion\u00e1rios da Assembleia Legislativa \u00e9 uma sociedade civil, fundada em 26 de maio de 1983, advinda da transforma\u00e7\u00e3o do Gr\u00eamio Recreativo da Assembleia Legislativa &#8211; conhecido como GRAL. Seus objetivos visam a defesa dos servidores, sua congrega\u00e7\u00e3o, difus\u00e3o da pr\u00e1tica de esportes, realiza\u00e7\u00e3o de encontro culturais, sociais e familiares.[\/vc_column_text][\/vc_column][\/vc_row][vc_row css_animation=&#8221;&#8221; row_type=&#8221;row&#8221; use_row_as_full_screen_section=&#8221;no&#8221; type=&#8221;full_width&#8221; angled_section=&#8221;no&#8221; text_align=&#8221;left&#8221; background_image_as_pattern=&#8221;without_pattern&#8221;][vc_column width=&#8221;1\/4&#8243;][\/vc_column][vc_column width=&#8221;3\/4&#8243;]<div class=\"clearfix qode-item-showcase\"><div class=\"qode-item-image\" style=\"margin-top:-70px;\"><\/div><div class=\"qode-item qode-item-left\">\n\t\t<div class=\"qode-item-content\">\n\t\t\t\t<div class=\"qode-showcase-title-holder\">\n\t\t\t\t\t\t\t<h4 class=\"qode-showcase-title\">2024 \u00e1 2027<\/h4>\n\t\t\t\t\t<\/div>\n\t\t\t\t<div class=\"qode-showcase-text-holder\">\n\t\t\t<p class=\"qode-showcase-text\">Presidente: VALTER EUCLIDES DAMASCO<\/p>\n\t\t<\/div>\n\t\t\t<\/div>\n\t\t\t<div class=\"qode-item-icon\">\n\t\t\t\t\t\t<i class=\" fa\" style=\"color:; background-color:;\"><\/i>\t\t\t\t\t<\/div>\n\t<\/div><div class=\"qode-item qode-item-left\">\n\t\t<div class=\"qode-item-content\">\n\t\t\t\t<div class=\"qode-showcase-title-holder\">\n\t\t\t\t\t\t\t<h4 class=\"qode-showcase-title\">2021 \u00e1 2024<\/h4>\n\t\t\t\t\t<\/div>\n\t\t\t\t<div class=\"qode-showcase-text-holder\">\n\t\t\t<p class=\"qode-showcase-text\">Presidente: VALTER EUCLIDES DAMASCO<\/p>\n\t\t<\/div>\n\t\t\t<\/div>\n\t\t\t<div class=\"qode-item-icon\">\n\t\t\t\t\t\t<i class=\" fa\" style=\"color:; background-color:;\"><\/i>\t\t\t\t\t<\/div>\n\t<\/div><div class=\"qode-item qode-item-left\">\n\t\t<div class=\"qode-item-content\">\n\t\t\t\t<div class=\"qode-showcase-title-holder\">\n\t\t\t\t\t\t\t<h4 class=\"qode-showcase-title\">2018 \u00e1 2021<\/h4>\n\t\t\t\t\t<\/div>\n\t\t\t\t<div class=\"qode-showcase-text-holder\">\n\t\t\t<p class=\"qode-showcase-text\">Presidente: VALTER EUCLIDES DAMASCO<\/p>\n\t\t<\/div>\n\t\t\t<\/div>\n\t\t\t<div class=\"qode-item-icon\">\n\t\t\t\t\t\t<i class=\" fa\" style=\"color:; background-color:;\"><\/i>\t\t\t\t\t<\/div>\n\t<\/div><div class=\"qode-item qode-item-left\">\n\t\t<div class=\"qode-item-content\">\n\t\t\t\t<div class=\"qode-showcase-title-holder\">\n\t\t\t\t\t\t\t<h4 class=\"qode-showcase-title\">2015 \u00e1 2018<\/h4>\n\t\t\t\t\t<\/div>\n\t\t\t\t<div class=\"qode-showcase-text-holder\">\n\t\t\t<p class=\"qode-showcase-text\">Presidente: VALTER EUCLIDES DAMASCO<\/p>\n\t\t<\/div>\n\t\t\t<\/div>\n\t\t\t<div class=\"qode-item-icon\">\n\t\t\t\t\t\t<i class=\" fa\" style=\"color:; background-color:;\"><\/i>\t\t\t\t\t<\/div>\n\t<\/div><div class=\"qode-item qode-item-left\">\n\t\t<div class=\"qode-item-content\">\n\t\t\t\t<div class=\"qode-showcase-title-holder\">\n\t\t\t\t\t\t\t<h4 class=\"qode-showcase-title\">2012 \u00e1 2015<\/h4>\n\t\t\t\t\t<\/div>\n\t\t\t\t<div class=\"qode-showcase-text-holder\">\n\t\t\t<p class=\"qode-showcase-text\">Presidente: IZAURO LUIZ PEREIRA<\/p>\n\t\t<\/div>\n\t\t\t<\/div>\n\t\t\t<div class=\"qode-item-icon\">\n\t\t\t\t\t\t<i class=\" fa\" style=\"color:; background-color:;\"><\/i>\t\t\t\t\t<\/div>\n\t<\/div><div class=\"qode-item qode-item-left\">\n\t\t<div class=\"qode-item-content\">\n\t\t\t\t<div class=\"qode-showcase-title-holder\">\n\t\t\t\t\t\t\t<h4 class=\"qode-showcase-title\">2009 \u00e1 2012<\/h4>\n\t\t\t\t\t<\/div>\n\t\t\t\t<div class=\"qode-showcase-text-holder\">\n\t\t\t<p class=\"qode-showcase-text\">Presidente: ZULMAR HERMOGENES SAIBRO<\/p>\n\t\t<\/div>\n\t\t\t<\/div>\n\t\t\t<div class=\"qode-item-icon\">\n\t\t\t\t\t\t<i class=\" fa\" style=\"color:; background-color:;\"><\/i>\t\t\t\t\t<\/div>\n\t<\/div><div class=\"qode-item qode-item-left\">\n\t\t<div class=\"qode-item-content\">\n\t\t\t\t<div class=\"qode-showcase-title-holder\">\n\t\t\t\t\t\t\t<h4 class=\"qode-showcase-title\">2006 \u00e1 2009<\/h4>\n\t\t\t\t\t<\/div>\n\t\t\t\t<div class=\"qode-showcase-text-holder\">\n\t\t\t<p class=\"qode-showcase-text\">Presidente: ZULMAR HERMOGENES SAIBRO<\/p>\n\t\t<\/div>\n\t\t\t<\/div>\n\t\t\t<div class=\"qode-item-icon\">\n\t\t\t\t\t\t<i class=\" fa\" style=\"color:; background-color:;\"><\/i>\t\t\t\t\t<\/div>\n\t<\/div><div class=\"qode-item qode-item-left\">\n\t\t<div class=\"qode-item-content\">\n\t\t\t\t<div class=\"qode-showcase-title-holder\">\n\t\t\t\t\t\t\t<h4 class=\"qode-showcase-title\">2004 \u00e1 2006<\/h4>\n\t\t\t\t\t<\/div>\n\t\t\t\t<div class=\"qode-showcase-text-holder\">\n\t\t\t<p class=\"qode-showcase-text\">Presidente: LICIAMARA FARIA LAUS<\/p>\n\t\t<\/div>\n\t\t\t<\/div>\n\t\t\t<div class=\"qode-item-icon\">\n\t\t\t\t\t\t<i class=\" fa\" style=\"color:; background-color:;\"><\/i>\t\t\t\t\t<\/div>\n\t<\/div><div class=\"qode-item qode-item-left\">\n\t\t<div class=\"qode-item-content\">\n\t\t\t\t<div class=\"qode-showcase-title-holder\">\n\t\t\t\t\t\t\t<h4 class=\"qode-showcase-title\">2000 \u00e1 2004<\/h4>\n\t\t\t\t\t<\/div>\n\t\t\t\t<div class=\"qode-showcase-text-holder\">\n\t\t\t<p class=\"qode-showcase-text\">Presidente: LICIAMARA FARIA LAUS<\/p>\n\t\t<\/div>\n\t\t\t<\/div>\n\t\t\t<div class=\"qode-item-icon\">\n\t\t\t\t\t\t<i class=\" fa\" style=\"color:; background-color:;\"><\/i>\t\t\t\t\t<\/div>\n\t<\/div><div class=\"qode-item qode-item-left\">\n\t\t<div class=\"qode-item-content\">\n\t\t\t\t<div class=\"qode-showcase-title-holder\">\n\t\t\t\t\t\t\t<h4 class=\"qode-showcase-title\">1997 \u00e1 1999\/2000<\/h4>\n\t\t\t\t\t<\/div>\n\t\t\t\t<div class=\"qode-showcase-text-holder\">\n\t\t\t<p class=\"qode-showcase-text\">Presidente: HUGO GREGHI (obs. N\u00e3o completou o mandato, assumiu at\u00e9 abril de 2000, via mandato tamp\u00e3o o Sr. GERSON DA ROSA).<\/p>\n\t\t<\/div>\n\t\t\t<\/div>\n\t\t\t<div class=\"qode-item-icon\">\n\t\t\t\t\t\t<i class=\" fa\" style=\"color:; background-color:;\"><\/i>\t\t\t\t\t<\/div>\n\t<\/div><div class=\"qode-item qode-item-left\">\n\t\t<div class=\"qode-item-content\">\n\t\t\t\t<div class=\"qode-showcase-title-holder\">\n\t\t\t\t\t\t\t<h4 class=\"qode-showcase-title\">1995 \u00e1 1997<\/h4>\n\t\t\t\t\t<\/div>\n\t\t\t\t<div class=\"qode-showcase-text-holder\">\n\t\t\t<p class=\"qode-showcase-text\">Presidente: ZULMAR HERMOGENES SAIBRO<\/p>\n\t\t<\/div>\n\t\t\t<\/div>\n\t\t\t<div class=\"qode-item-icon\">\n\t\t\t\t\t\t<i class=\" fa\" style=\"color:; background-color:;\"><\/i>\t\t\t\t\t<\/div>\n\t<\/div><div class=\"qode-item qode-item-left\">\n\t\t<div class=\"qode-item-content\">\n\t\t\t\t<div class=\"qode-showcase-title-holder\">\n\t\t\t\t\t\t\t<h4 class=\"qode-showcase-title\">1993 \u00e1 1995<\/h4>\n\t\t\t\t\t<\/div>\n\t\t\t\t<div class=\"qode-showcase-text-holder\">\n\t\t\t<p class=\"qode-showcase-text\">Presidente: ADAURI PAULO SCHMITT<\/p>\n\t\t<\/div>\n\t\t\t<\/div>\n\t\t\t<div class=\"qode-item-icon\">\n\t\t\t\t\t\t<i class=\" fa\" style=\"color:; background-color:;\"><\/i>\t\t\t\t\t<\/div>\n\t<\/div><div class=\"qode-item qode-item-left\">\n\t\t<div class=\"qode-item-content\">\n\t\t\t\t<div class=\"qode-showcase-title-holder\">\n\t\t\t\t\t\t\t<h4 class=\"qode-showcase-title\">1991 \u00e1 1993<\/h4>\n\t\t\t\t\t<\/div>\n\t\t\t\t<div class=\"qode-showcase-text-holder\">\n\t\t\t<p class=\"qode-showcase-text\">Presidente: CARLOS ANT\u00d4NIO DOS SANTOS<\/p>\n\t\t<\/div>\n\t\t\t<\/div>\n\t\t\t<div class=\"qode-item-icon\">\n\t\t\t\t\t\t<i class=\" fa\" style=\"color:; background-color:;\"><\/i>\t\t\t\t\t<\/div>\n\t<\/div><div class=\"qode-item qode-item-left\">\n\t\t<div class=\"qode-item-content\">\n\t\t\t\t<div class=\"qode-showcase-title-holder\">\n\t\t\t\t\t\t\t<h4 class=\"qode-showcase-title\">1989 \u00e1 1991<\/h4>\n\t\t\t\t\t<\/div>\n\t\t\t\t<div class=\"qode-showcase-text-holder\">\n\t\t\t<p class=\"qode-showcase-text\">Presidente: JO\u00c3O CARLOS NEVES (Obs. O Vice \u2013 Sr. CARLOS CASTILHO DE MATTOS Assumiu como Presidente entre os meses de Maio\/1990 \u00e1 Novembro\/1990).<\/p>\n\t\t<\/div>\n\t\t\t<\/div>\n\t\t\t<div class=\"qode-item-icon\">\n\t\t\t\t\t\t<i class=\" fa\" style=\"color:; background-color:;\"><\/i>\t\t\t\t\t<\/div>\n\t<\/div><div class=\"qode-item qode-item-left\">\n\t\t<div class=\"qode-item-content\">\n\t\t\t\t<div class=\"qode-showcase-title-holder\">\n\t\t\t\t\t\t\t<h4 class=\"qode-showcase-title\">1987 \u00e1 1989<\/h4>\n\t\t\t\t\t<\/div>\n\t\t\t\t<div class=\"qode-showcase-text-holder\">\n\t\t\t<p class=\"qode-showcase-text\">Presidente: PAULO ROCHA FARIA<\/p>\n\t\t<\/div>\n\t\t\t<\/div>\n\t\t\t<div class=\"qode-item-icon\">\n\t\t\t\t\t\t<i class=\" fa\" style=\"color:; background-color:;\"><\/i>\t\t\t\t\t<\/div>\n\t<\/div><div class=\"qode-item qode-item-left\">\n\t\t<div class=\"qode-item-content\">\n\t\t\t\t<div class=\"qode-showcase-title-holder\">\n\t\t\t\t\t\t\t<h4 class=\"qode-showcase-title\">1985 \u00e1 1987<\/h4>\n\t\t\t\t\t<\/div>\n\t\t\t\t<div class=\"qode-showcase-text-holder\">\n\t\t\t<p class=\"qode-showcase-text\">Presidente: SERGIO AUGUSTO MACHADO<\/p>\n\t\t<\/div>\n\t\t\t<\/div>\n\t\t\t<div class=\"qode-item-icon\">\n\t\t\t\t\t\t<i class=\" fa\" style=\"color:; background-color:;\"><\/i>\t\t\t\t\t<\/div>\n\t<\/div><div class=\"qode-item qode-item-left\">\n\t\t<div class=\"qode-item-content\">\n\t\t\t\t<div class=\"qode-showcase-title-holder\">\n\t\t\t\t\t\t\t<h4 class=\"qode-showcase-title\">1983 \u00e1 1985<\/h4>\n\t\t\t\t\t<\/div>\n\t\t\t\t<div class=\"qode-showcase-text-holder\">\n\t\t\t<p class=\"qode-showcase-text\">Presidente: LUCIO FLAVIO LOPES<\/p>\n\t\t<\/div>\n\t\t\t<\/div>\n\t\t\t<div class=\"qode-item-icon\">\n\t\t\t\t\t\t<i class=\" fa\" style=\"color:; background-color:;\"><\/i>\t\t\t\t\t<\/div>\n\t<\/div><div class=\"qode-item qode-item-left\">\n\t\t<div class=\"qode-item-content\">\n\t\t\t\t<div class=\"qode-showcase-title-holder\">\n\t\t\t\t\t\t\t<h4 class=\"qode-showcase-title\">1981 \u00e1 1983<\/h4>\n\t\t\t\t\t<\/div>\n\t\t\t\t<div class=\"qode-showcase-text-holder\">\n\t\t\t<p class=\"qode-showcase-text\">Presidente: JO\u00c3O CARLOS NEVES<\/p>\n\t\t<\/div>\n\t\t\t<\/div>\n\t\t\t<div class=\"qode-item-icon\">\n\t\t\t\t\t\t<i class=\" fa\" style=\"color:; background-color:;\"><\/i>\t\t\t\t\t<\/div>\n\t<\/div><div class=\"qode-item qode-item-left\">\n\t\t<div class=\"qode-item-content\">\n\t\t\t\t<div class=\"qode-showcase-title-holder\">\n\t\t\t\t\t\t\t<h4 class=\"qode-showcase-title\">1979 \u00e1 1981<\/h4>\n\t\t\t\t\t<\/div>\n\t\t\t\t<div class=\"qode-showcase-text-holder\">\n\t\t\t<p class=\"qode-showcase-text\">Presidente: JO\u00c3O CARLOS NEVES<\/p>\n\t\t<\/div>\n\t\t\t<\/div>\n\t\t\t<div class=\"qode-item-icon\">\n\t\t\t\t\t\t<i class=\" fa\" style=\"color:; background-color:;\"><\/i>\t\t\t\t\t<\/div>\n\t<\/div><\/div>[\/vc_column][\/vc_row]<\/p>\n","protected":false},"excerpt":{"rendered":"<p>[vc_row css_animation=&#8221;&#8221; row_type=&#8221;row&#8221; use_row_as_full_screen_section=&#8221;no&#8221; type=&#8221;full_width&#8221; angled_section=&#8221;no&#8221; text_align=&#8221;left&#8221; background_image_as_pattern=&#8221;without_pattern&#8221;][vc_column][vc_column_text] GR\u00caMIO Recreativo e AFALESC &nbsp; HIST\u00d3RICO DE ELEI\u00c7\u00d5ES E EX-PRESIDENTES [\/vc_column_text][\/vc_column][\/vc_row][vc_row css_animation=&#8221;&#8221; row_type=&#8221;row&#8221; use_row_as_full_screen_section=&#8221;no&#8221; type=&#8221;full_width&#8221; angled_section=&#8221;no&#8221; text_align=&#8221;center&#8221; background_image_as_pattern=&#8221;without_pattern&#8221; z_index=&#8221;&#8221;][vc_column][vc_single_image image=&#8221;15775&#8243; img_size=&#8221;full&#8221; alignment=&#8221;center&#8221; qode_css_animation=&#8221;&#8221;][\/vc_column][\/vc_row][vc_row css_animation=&#8221;&#8221; row_type=&#8221;row&#8221; use_row_as_full_screen_section=&#8221;no&#8221; type=&#8221;full_width&#8221; angled_section=&#8221;no&#8221; text_align=&#8221;left&#8221; background_image_as_pattern=&#8221;without_pattern&#8221; css=&#8221;.vc_custom_1626184930765{padding-bottom: 80px !important;}&#8221; z_index=&#8221;&#8221;][vc_column width=&#8221;1\/3&#8243;][vc_column_text] 1959 [\/vc_column_text][vc_column_text]Cooperativa&#8230;<\/p>\n","protected":false},"author":1,"featured_media":0,"parent":0,"menu_order":0,"comment_status":"closed","ping_status":"closed","template":"","meta":{"footnotes":""},"class_list":["post-15599","page","type-page","status-publish","hentry"],"_links":{"self":[{"href":"https:\/\/afalesc.com.br\/site\/wp-json\/wp\/v2\/pages\/15599","targetHints":{"allow":["GET"]}}],"collection":[{"href":"https:\/\/afalesc.com.br\/site\/wp-json\/wp\/v2\/pages"}],"about":[{"href":"https:\/\/afalesc.com.br\/site\/wp-json\/wp\/v2\/types\/page"}],"author":[{"embeddable":true,"href":"https:\/\/afalesc.com.br\/site\/wp-json\/wp\/v2\/users\/1"}],"replies":[{"embeddable":true,"href":"https:\/\/afalesc.com.br\/site\/wp-json\/wp\/v2\/comments?post=15599"}],"version-history":[{"count":21,"href":"https:\/\/afalesc.com.br\/site\/wp-json\/wp\/v2\/pages\/15599\/revisions"}],"predecessor-version":[{"id":24718,"href":"https:\/\/afalesc.com.br\/site\/wp-json\/wp\/v2\/pages\/15599\/revisions\/24718"}],"wp:attachment":[{"href":"https:\/\/afalesc.com.br\/site\/wp-json\/wp\/v2\/media?parent=15599"}],"curies":[{"name":"wp","href":"https:\/\/api.w.org\/{rel}","templated":true}]}}